{"id":580,"date":"2021-12-01T14:20:34","date_gmt":"2021-12-01T14:20:34","guid":{"rendered":"https:\/\/www.tvrzmladejovice.cz\/?page_id=580"},"modified":"2023-04-30T09:40:08","modified_gmt":"2023-04-30T09:40:08","slug":"ii-historicky-vyvoj-mladejovickeho-statku-a-prehled-jeho-drzitelu-do-roku-1500","status":"publish","type":"page","link":"https:\/\/www.tvrzmladejovice.cz\/index.php\/historie\/pruzkum-pisemnych-pramenu-a-literatury\/ii-historicky-vyvoj-mladejovickeho-statku-a-prehled-jeho-drzitelu-do-roku-1500\/","title":{"rendered":"Historick\u00fd v\u00fdvoj mlad\u011bjovick\u00e9ho statku a p\u0159ehled jeho dr\u017eitel\u016f do roku 1400"},"content":{"rendered":"\n<p>Zpracoval: PhDr. Ji\u0159\u00ed \u00dalovec<\/p>\n\n\n\n<p>Praha, duben &#8211; kv\u011bten a listopad 2009<\/p>\n\n\n<p>Mlad\u011bjovice se rozkl\u00e1daj\u00ed ve zvln\u011bn\u00e9 krajin\u011b, asi 11 kilometr\u016f jihov\u00fdchodn\u011b od Strakonic. Velmi z\u00e1hy se staly \u0161lechtick\u00fdm majetkem a v\u00fdznamn\u00fdm m\u00edstem, z n\u011bho\u017e poch\u00e1zely ji\u017e ve 14. stolet\u00ed minim\u00e1ln\u011b dva \u0161lechtick\u00e9 rody s rozd\u00edln\u00fdm znakem. Nejstar\u0161\u00ed majitel\u00e9 n\u00e1le\u017eeli k rodu nos\u00edc\u00edmu ve \u0161t\u00edt\u011b kozla. \u010cleny tohoto rodu, maj\u00edc\u00edho ko\u0159eny prokazateln\u011b je\u0161t\u011b ve 13. stolet\u00ed, lze jist\u011b pova\u017eovat za p\u0159edky n\u011bkolika \u0161lechtick\u00fdch rodin osedl\u00fdch v Pr\u00e1che\u0148sku. [17]<\/p>\n<p>Jak ji\u017e \u0159e\u010deno, p\u016fvod tohoto rodu spad\u00e1 do 13. stolet\u00ed. Jm\u00e9no jeho nejstar\u0161\u00edho \u010dlena, p\u0159edka, bohu\u017eel z\u016fst\u00e1v\u00e1 nezn\u00e1m\u00e9, za jeho syny snad m\u016f\u017eeme pova\u017eovat V\u00e1clava, zvan\u00e9ho Vecl, a jeho bratra \u010cadka, p\u00ed\u0161\u00edc\u00ed se s p\u0159\u00eddomkem \u201ede Mladyeiowicz\u201d poprv\u00e9 na listin\u011b Bavora ze Strakonic z 23. dubna 1298.[ 18] O jejich osudech n\u00e1m p\u00edsemn\u00e9 prameny nic podrobn\u011bj\u0161\u00edho nesd\u011bluj\u00ed. Z\u0159ejm\u011b synem jednoho z nich pak byl Bohuslav z Mlad\u011bjovic. Poprv\u00e9 se s n\u00edm setk\u00e1v\u00e1me v roce 1342, kdy sv\u011bd\u010dil na listin\u011b Albery z Dobeve, vydan\u00e9 5. srpna. [19] Zanedlouho pot\u00e9 vedl spor s Vil\u00e9mem ze Strakonic o podac\u00ed pr\u00e1vo ke kostelu v bl\u00edzk\u00e9m Jin\u00edn\u011b, nebo\u0165 zat\u00edmco Vil\u00e9m dosadil m\u00edsto far\u00e1\u0159em upr\u00e1zdn\u011bn\u00e9 po \u00famrt\u00ed Radslava Lvem, Bohuslav hodlal prezentovat duchovn\u00edho P\u0159eda. [20]<\/p>\n<p>O Bohuslavovi, naz\u00fdvan\u00e9mu rovn\u011b\u017e zkr\u00e1cen\u011b Bohun\u011bk, je zn\u00e1mo, \u017ee m\u011bl minim\u00e1ln\u011b t\u0159i syny, toti\u017e Chvala, P\u0159ib\u00edka a V\u00e1clava \u0159e\u010den\u00e9ho Vecl. Zat\u00edmco Chval se od bratr\u016f brzy odd\u011blil a dr\u017eel statky St\u0159elsk\u00e9 Ho\u0161tice a Kozlov, brat\u0159i sed\u011bli s otcem d\u00e1le na rodn\u00fdch Mlad\u011bjovic\u00edch. Jejich odd\u011blen\u00ed dokl\u00e1d\u00e1 Chvalova listina ze 17. b\u0159ezna 1347, na n\u00ed\u017e se Chval, d\u00e1vaj\u00edc\u00ed tamn\u00edm poddan\u00fdm deset l\u00e1n\u016f ve St\u0159elsk\u00fdch Ho\u0161tic\u00edch emfyteutick\u00fdm pr\u00e1vem, p\u00ed\u0161e po Ho\u0161tic\u00edch, kde\u017eto jeho otec Bohuslav a brat\u0159i P\u0159ib\u00edk s V\u00e1clavem nad\u00e1le s p\u0159\u00eddomkem \u201ede Mladyowicz\u201d, resp. \u201ede Mladiewicz\u201d, jak bylo uvedeno na jejich pe\u010det\u00edch. [21]<\/p>\n<p>Kdy do\u0161lo k rozd\u011blen\u00ed majetku mezi Bohuslavovy mlad\u0161\u00ed syny P\u0159ib\u00edka s V\u00e1clavem, nev\u00edme. Zn\u00e1mo je jen tolik, \u017ee Mlad\u011bjovice dr\u017eel nad\u00e1le P\u0159ib\u00edk, kde\u017eto V\u00e1clav se odst\u011bhoval. Literatura p\u0159edpokl\u00e1d\u00e1 ji\u017e od dob Augusta Sedl\u00e1\u010dka, \u017ee V\u00e1clav &#8211; Vecl \u010di Vesel dr\u017eel minim\u00e1ln\u011b od roku 1346 statek a ves Lhotu nezn\u00e1m\u00e9 polohy. Pravdou je, \u017ee pokud by V\u00e1clav, zn\u00e1m\u00fd z listin poch\u00e1zej\u00edc\u00edch z rozmez\u00ed let 1346 a\u017e 1349, na nich\u017e vystupoval s p\u0159\u00eddomkem \u201eze Lhoty\u201d, byl toto\u017en\u00fd s V\u00e1clavem pat\u0159\u00edc\u00edm do rodu p\u00e1n\u016f z Mlad\u011bjovic, bylo by mo\u017eno jeho s\u00eddlo snad ztoto\u017enit se St\u0159elskoho\u0161tickou Lhotou pobl\u00ed\u017e St\u0159elsk\u00fdch Ho\u0161tic. Po podrobn\u00e9m rozboru p\u00edsemn\u00fdch pramen\u016f v\u0161ak lze dolo\u017eit, \u017ee situace je podstatn\u011b komplikovan\u011bj\u0161\u00ed, ne\u017e se p\u0159edpokl\u00e1d\u00e1. 12. b\u0159ezna roku 1346 je skute\u010dn\u011b p\u0159ipom\u00edn\u00e1n Vecel \u010di Vencl\u00edn ze Lhoty s erbem kozla, ov\u0161em na j\u00edm vydan\u00e9 listin\u011b se p\u00ed\u0161e jako syn P\u0159edvoje ze Lhoty.[22] Obdobn\u011b pak Vesel ze Lhoty, p\u0159ipom\u00ednan\u00fd v listin\u00e1ch z 22. a 24. \u010dervna 1349, bezpe\u010dn\u011b nen\u00ed toto\u017en\u00fd s na\u0161\u00edm V\u00e1clavem z Mlad\u011bjovic. [23] Jist\u00e9 je proto pouze tolik, \u017ee V\u00e1clav &#8211; Vecl z Mlad\u011bjovic se od brat\u0159\u00ed odd\u011blil, ov\u0161em o jeho majetkov\u00e9 dr\u017eb\u011b nen\u00ed dosud nic zn\u00e1mo.<br>P\u0159esto\u017ee tedy nev\u00edme, kdy a jak\u00fdm zp\u016fsobem se brat\u0159i Mlad\u011bjov\u0161t\u00ed majetkov\u011b odd\u011blili, je jist\u00e9, \u017ee rodov\u00fd statek si podr\u017eel P\u0159ib\u00edk, zvan\u00fd P\u0159ech. 1. b\u0159ezna 1365 p\u0159ipojil pe\u010de\u0165 k listin\u011b Old\u0159icha z Brloha. [24] 5. kv\u011btna 1368 ho nach\u00e1z\u00edme mezi sv\u011bdky na listin\u011b vydan\u00e9 Petrem se synem Svatom\u00edrem, zvan\u00fdmi Krti. [25] To je sou\u010dasn\u011b posledn\u00ed dosud zn\u00e1m\u00e1 zpr\u00e1va, kterou o n\u011bm zn\u00e1me.<\/p>\n<p>N\u00e1sleduj\u00edc\u00edch v\u00edce ne\u017e p\u011btadvacet let v\u00fdvoje Mlad\u011bjovic z\u016fst\u00e1v\u00e1 vzhledem k nedostatku p\u00edsemn\u00fdch pramen\u016f nepozn\u00e1no. Jen nep\u0159\u00edmo lze p\u0159edpokl\u00e1dat, \u017ee statek tehdy dr\u017eel bl\u00ed\u017ee nezn\u00e1m\u00fd Jan, jeho\u017e lze pouze hypoteticky pova\u017eovat za P\u0159ib\u00edkova potomka. Mlad\u011bjovice v\u0161ak u\u017e po\u010d\u00e1tkem devades\u00e1t\u00fdch let 14. v\u011bku nedr\u017eel, nebo\u0165 tehdy mu pat\u0159ily bl\u00edzk\u00e9 \u010cejetice. Kdy\u017e toti\u017e 4. b\u0159ezna 1393 dosazoval k tamn\u00edmu kostelu spole\u010dn\u011b s Bohuslavem z Cehnic nov\u00e9ho far\u00e1\u0159e Jakuba, psal se ji\u017e s p\u0159\u00eddomkem \u201ez \u010cejetic, n\u011bkdy z Mlad\u011bjovic\u201d. [26] Sou\u010dasn\u011b dr\u017eel tvrz a statek Koup\u011b nedaleko B\u0159eznice, na n\u011bm\u017e po\u010d\u00e1tkem n\u00e1sleduj\u00edc\u00edho roku 1394 zem\u0159el.[ 27] O jeho n\u00e1stupc\u00edch pak op\u011bt nem\u00e1me \u017e\u00e1dn\u00e9 zpr\u00e1vy.<\/p>\n<p>[17] K p\u0159\u00edbuzenstv\u00ed rod\u016f maj\u00edc\u00edch ve znaku kozla srovnej Kol\u00e1\u0159, Martin, \u010ceskomoravsk\u00e1 heraldika, \u010d\u00e1st v\u0161eobecn\u00e1, ji\u017e upravil August Sedl\u00e1\u010dek, Praha 1902, s. 77, a d\u00e1le Sedl\u00e1\u010dek, August, \u010ceskomoravsk\u00e1 heraldika, \u010d\u00e1st zvl\u00e1\u0161tn\u00ed, Praha 1925, s. 176.<br>[18] Regesta diplomatica nec non epistolaria Bohemiae et Moraviae, d\u00edl 2 (1253-1310), ed. Emler, Josef, Praha 1882 (d\u00e1le RBM), s. 1231-1232, \u010d. 2811.<br>[19] RBM 4 (1333-1346), ed. Emler, Josef, Praha 1892, s. 462, \u010d. 1160.<br>[20] Tadra, Ferdinand, Cancellaria Arnesti. Formelbuch des ersten Prager Erzbischofs Arnest von Pardubic, V\u00edde\u0148 1880, s. 91-92, \u010d. 40.<br>[21] RBM 5\/1 (1346-1348), ed. Sp\u011bv\u00e1\u010dek, Ji\u0159\u00ed, Praha 1958, s. 63-64, \u010d. 116.<br>[22] RBM 4, s. 665-666, \u010d. 1672.<br>[23] Urkunden des ehemaligen Cistercienserstiftes Goldenkron in B\u00f6hmen. Fontes rerum Austriacarum, Oesterreichishe Geschichts-Quellen, Diplomataria et acta, 37. Band, ed. Pangerl, Mathias, V\u00edde\u0148 1872, s. 111-112, \u010d. 57, a s. 112-113, \u010d. 58.<br>[24] Urkunden &#8211; Regesten aus den ehemaligen Archiven der von Kaiser Joseph II. aufgehobenen Kl\u00f6ster B\u00f6hmens, ed. Schubert, Anton, Innsbruck 1901, s. 186, \u010d. 1388.<br>[25] N\u00e1rodn\u00ed archiv (d\u00e1le NA) &#8211; \u0158M, i. \u010d. 2437.<br>[26] Libri confirmationum ad beneficia ecclesiastica Pragensem per archidioecesim (d\u00e1le LC), svazek 5 (ab Anno 1393 usque 1399), ed. Tingl, Franti\u0161ek Anton\u00edn, Praha 1866, s. 155.<br>[27] Archiv \u010desk\u00fd \u010dili star\u00e9 p\u00edsemn\u00e9 pam\u00e1tky \u010desk\u00e9 i moravsk\u00e9, sebran\u00e9 z archiv\u016f dom\u00e1c\u00edch i ciz\u00edch (d\u00e1le A\u010c) 31, s. 133-134, \u010d. 47. K d\u011bjin\u00e1m statku Koup\u011b srovnej podrobn\u011bji \u00dalovec, Ji\u0159\u00ed, Zapomenut\u00e1 tvrz v Koupi, Podbrdsko, Sborn\u00edk St\u00e1tn\u00edho okresn\u00edho archivu v P\u0159\u00edbrami 1995, \u010d. 2, s. 38-63.<\/p>","protected":false},"excerpt":{"rendered":"<p>Zpracoval: PhDr. Ji\u0159\u00ed \u00dalovec Praha, duben &#8211; kv\u011bten a listopad 2009 Mlad\u011bjovice se rozkl\u00e1daj\u00ed ve zvln\u011bn\u00e9 krajin\u011b, asi 11 kilometr\u016f jihov\u00fdchodn\u011b od Strakonic. Velmi z\u00e1hy se staly \u0161lechtick\u00fdm majetkem a v\u00fdznamn\u00fdm m\u00edstem, z n\u011bho\u017e poch\u00e1zely ji\u017e ve 14. stolet\u00ed minim\u00e1ln\u011b dva \u0161lechtick\u00e9 rody s rozd\u00edln\u00fdm znakem. Nejstar\u0161\u00ed majitel\u00e9 n\u00e1le\u017eeli k rodu nos\u00edc\u00edmu ve \u0161t\u00edt\u011b kozla. [&hellip;]<\/p>\n","protected":false},"author":2,"featured_media":0,"parent":591,"menu_order":0,"comment_status":"closed","ping_status":"closed","template":"","meta":{"iawp_total_views":101,"footnotes":""},"class_list":["post-580","page","type-page","status-publish","hentry"],"yoast_head":"<!-- This site is optimized with the Yoast SEO plugin v27.5 - https:\/\/yoast.com\/product\/yoast-seo-wordpress\/ -->\n<title>Historick\u00fd v\u00fdvoj mlad\u011bjovick\u00e9ho statku a p\u0159ehled jeho dr\u017eitel\u016f do roku 1400 - Mlad\u011bjovice Mansion<\/title>\n<meta name=\"robots\" content=\"index, follow, max-snippet:-1, max-image-preview:large, max-video-preview:-1\" \/>\n<link rel=\"canonical\" href=\"https:\/\/www.tvrzmladejovice.cz\/index.php\/historie\/pruzkum-pisemnych-pramenu-a-literatury\/ii-historicky-vyvoj-mladejovickeho-statku-a-prehled-jeho-drzitelu-do-roku-1500\/\" \/>\n<meta property=\"og:locale\" content=\"cs_CZ\" \/>\n<meta property=\"og:type\" content=\"article\" \/>\n<meta property=\"og:title\" content=\"Historick\u00fd v\u00fdvoj mlad\u011bjovick\u00e9ho statku a p\u0159ehled jeho dr\u017eitel\u016f do roku 1400 - Mlad\u011bjovice Mansion\" \/>\n<meta property=\"og:description\" content=\"Zpracoval: PhDr. Ji\u0159\u00ed \u00dalovec Praha, duben &#8211; kv\u011bten a listopad 2009 Mlad\u011bjovice se rozkl\u00e1daj\u00ed ve zvln\u011bn\u00e9 krajin\u011b, asi 11 kilometr\u016f jihov\u00fdchodn\u011b od Strakonic. Velmi z\u00e1hy se staly \u0161lechtick\u00fdm majetkem a v\u00fdznamn\u00fdm m\u00edstem, z n\u011bho\u017e poch\u00e1zely ji\u017e ve 14. stolet\u00ed minim\u00e1ln\u011b dva \u0161lechtick\u00e9 rody s rozd\u00edln\u00fdm znakem. Nejstar\u0161\u00ed majitel\u00e9 n\u00e1le\u017eeli k rodu nos\u00edc\u00edmu ve \u0161t\u00edt\u011b kozla. [&hellip;]\" \/>\n<meta property=\"og:url\" content=\"https:\/\/www.tvrzmladejovice.cz\/index.php\/historie\/pruzkum-pisemnych-pramenu-a-literatury\/ii-historicky-vyvoj-mladejovickeho-statku-a-prehled-jeho-drzitelu-do-roku-1500\/\" \/>\n<meta property=\"og:site_name\" content=\"Mlad\u011bjovice Mansion\" \/>\n<meta property=\"article:modified_time\" content=\"2023-04-30T09:40:08+00:00\" \/>\n<meta name=\"twitter:card\" content=\"summary_large_image\" \/>\n<meta name=\"twitter:label1\" content=\"Odhadovan\u00e1 doba \u010dten\u00ed\" \/>\n\t<meta name=\"twitter:data1\" content=\"4 minuty\" \/>\n<script type=\"application\/ld+json\" class=\"yoast-schema-graph\">{\"@context\":\"https:\\\/\\\/schema.org\",\"@graph\":[{\"@type\":\"WebPage\",\"@id\":\"https:\\\/\\\/www.tvrzmladejovice.cz\\\/index.php\\\/historie\\\/pruzkum-pisemnych-pramenu-a-literatury\\\/ii-historicky-vyvoj-mladejovickeho-statku-a-prehled-jeho-drzitelu-do-roku-1500\\\/\",\"url\":\"https:\\\/\\\/www.tvrzmladejovice.cz\\\/index.php\\\/historie\\\/pruzkum-pisemnych-pramenu-a-literatury\\\/ii-historicky-vyvoj-mladejovickeho-statku-a-prehled-jeho-drzitelu-do-roku-1500\\\/\",\"name\":\"Historick\u00fd v\u00fdvoj mlad\u011bjovick\u00e9ho statku a p\u0159ehled jeho dr\u017eitel\u016f do roku 1400 - Mlad\u011bjovice Mansion\",\"isPartOf\":{\"@id\":\"https:\\\/\\\/www.tvrzmladejovice.cz\\\/#website\"},\"datePublished\":\"2021-12-01T14:20:34+00:00\",\"dateModified\":\"2023-04-30T09:40:08+00:00\",\"breadcrumb\":{\"@id\":\"https:\\\/\\\/www.tvrzmladejovice.cz\\\/index.php\\\/historie\\\/pruzkum-pisemnych-pramenu-a-literatury\\\/ii-historicky-vyvoj-mladejovickeho-statku-a-prehled-jeho-drzitelu-do-roku-1500\\\/#breadcrumb\"},\"inLanguage\":\"cs\",\"potentialAction\":[{\"@type\":\"ReadAction\",\"target\":[\"https:\\\/\\\/www.tvrzmladejovice.cz\\\/index.php\\\/historie\\\/pruzkum-pisemnych-pramenu-a-literatury\\\/ii-historicky-vyvoj-mladejovickeho-statku-a-prehled-jeho-drzitelu-do-roku-1500\\\/\"]}]},{\"@type\":\"BreadcrumbList\",\"@id\":\"https:\\\/\\\/www.tvrzmladejovice.cz\\\/index.php\\\/historie\\\/pruzkum-pisemnych-pramenu-a-literatury\\\/ii-historicky-vyvoj-mladejovickeho-statku-a-prehled-jeho-drzitelu-do-roku-1500\\\/#breadcrumb\",\"itemListElement\":[{\"@type\":\"ListItem\",\"position\":1,\"name\":\"Dom\u016f\",\"item\":\"https:\\\/\\\/www.tvrzmladejovice.cz\\\/\"},{\"@type\":\"ListItem\",\"position\":2,\"name\":\"Historie\",\"item\":\"https:\\\/\\\/www.tvrzmladejovice.cz\\\/index.php\\\/historie\\\/\"},{\"@type\":\"ListItem\",\"position\":3,\"name\":\"Historick\u00fd v\u00fdvoj mlad\u011bjovick\u00e9ho statku podle p\u00edsemn\u00fdch pramen\u016f\",\"item\":\"https:\\\/\\\/www.tvrzmladejovice.cz\\\/index.php\\\/historie\\\/pruzkum-pisemnych-pramenu-a-literatury\\\/\"},{\"@type\":\"ListItem\",\"position\":4,\"name\":\"Historick\u00fd v\u00fdvoj mlad\u011bjovick\u00e9ho statku a p\u0159ehled jeho dr\u017eitel\u016f do roku 1400\"}]},{\"@type\":\"WebSite\",\"@id\":\"https:\\\/\\\/www.tvrzmladejovice.cz\\\/#website\",\"url\":\"https:\\\/\\\/www.tvrzmladejovice.cz\\\/\",\"name\":\"Mlad\u011bjovice Mansion\",\"description\":\"Historie a sou\u010dasnost pozdn\u011b gotick\u00e9ho s\u00eddla\",\"publisher\":{\"@id\":\"https:\\\/\\\/www.tvrzmladejovice.cz\\\/#organization\"},\"potentialAction\":[{\"@type\":\"SearchAction\",\"target\":{\"@type\":\"EntryPoint\",\"urlTemplate\":\"https:\\\/\\\/www.tvrzmladejovice.cz\\\/?s={search_term_string}\"},\"query-input\":{\"@type\":\"PropertyValueSpecification\",\"valueRequired\":true,\"valueName\":\"search_term_string\"}}],\"inLanguage\":\"cs\"},{\"@type\":\"Organization\",\"@id\":\"https:\\\/\\\/www.tvrzmladejovice.cz\\\/#organization\",\"name\":\"Mlad\u011bjovice Mansion\",\"url\":\"https:\\\/\\\/www.tvrzmladejovice.cz\\\/\",\"logo\":{\"@type\":\"ImageObject\",\"inLanguage\":\"cs\",\"@id\":\"https:\\\/\\\/www.tvrzmladejovice.cz\\\/#\\\/schema\\\/logo\\\/image\\\/\",\"url\":\"https:\\\/\\\/www.tvrzmladejovice.cz\\\/wp-content\\\/uploads\\\/2023\\\/04\\\/znak_barva.png\",\"contentUrl\":\"https:\\\/\\\/www.tvrzmladejovice.cz\\\/wp-content\\\/uploads\\\/2023\\\/04\\\/znak_barva.png\",\"width\":1257,\"height\":1635,\"caption\":\"Mlad\u011bjovice Mansion\"},\"image\":{\"@id\":\"https:\\\/\\\/www.tvrzmladejovice.cz\\\/#\\\/schema\\\/logo\\\/image\\\/\"}}]}<\/script>\n<!-- \/ Yoast SEO plugin. -->","yoast_head_json":{"title":"Historick\u00fd v\u00fdvoj mlad\u011bjovick\u00e9ho statku a p\u0159ehled jeho dr\u017eitel\u016f do roku 1400 - Mlad\u011bjovice Mansion","robots":{"index":"index","follow":"follow","max-snippet":"max-snippet:-1","max-image-preview":"max-image-preview:large","max-video-preview":"max-video-preview:-1"},"canonical":"https:\/\/www.tvrzmladejovice.cz\/index.php\/historie\/pruzkum-pisemnych-pramenu-a-literatury\/ii-historicky-vyvoj-mladejovickeho-statku-a-prehled-jeho-drzitelu-do-roku-1500\/","og_locale":"cs_CZ","og_type":"article","og_title":"Historick\u00fd v\u00fdvoj mlad\u011bjovick\u00e9ho statku a p\u0159ehled jeho dr\u017eitel\u016f do roku 1400 - Mlad\u011bjovice Mansion","og_description":"Zpracoval: PhDr. Ji\u0159\u00ed \u00dalovec Praha, duben &#8211; kv\u011bten a listopad 2009 Mlad\u011bjovice se rozkl\u00e1daj\u00ed ve zvln\u011bn\u00e9 krajin\u011b, asi 11 kilometr\u016f jihov\u00fdchodn\u011b od Strakonic. Velmi z\u00e1hy se staly \u0161lechtick\u00fdm majetkem a v\u00fdznamn\u00fdm m\u00edstem, z n\u011bho\u017e poch\u00e1zely ji\u017e ve 14. stolet\u00ed minim\u00e1ln\u011b dva \u0161lechtick\u00e9 rody s rozd\u00edln\u00fdm znakem. Nejstar\u0161\u00ed majitel\u00e9 n\u00e1le\u017eeli k rodu nos\u00edc\u00edmu ve \u0161t\u00edt\u011b kozla. [&hellip;]","og_url":"https:\/\/www.tvrzmladejovice.cz\/index.php\/historie\/pruzkum-pisemnych-pramenu-a-literatury\/ii-historicky-vyvoj-mladejovickeho-statku-a-prehled-jeho-drzitelu-do-roku-1500\/","og_site_name":"Mlad\u011bjovice Mansion","article_modified_time":"2023-04-30T09:40:08+00:00","twitter_card":"summary_large_image","twitter_misc":{"Odhadovan\u00e1 doba \u010dten\u00ed":"4 minuty"},"schema":{"@context":"https:\/\/schema.org","@graph":[{"@type":"WebPage","@id":"https:\/\/www.tvrzmladejovice.cz\/index.php\/historie\/pruzkum-pisemnych-pramenu-a-literatury\/ii-historicky-vyvoj-mladejovickeho-statku-a-prehled-jeho-drzitelu-do-roku-1500\/","url":"https:\/\/www.tvrzmladejovice.cz\/index.php\/historie\/pruzkum-pisemnych-pramenu-a-literatury\/ii-historicky-vyvoj-mladejovickeho-statku-a-prehled-jeho-drzitelu-do-roku-1500\/","name":"Historick\u00fd v\u00fdvoj mlad\u011bjovick\u00e9ho statku a p\u0159ehled jeho dr\u017eitel\u016f do roku 1400 - Mlad\u011bjovice Mansion","isPartOf":{"@id":"https:\/\/www.tvrzmladejovice.cz\/#website"},"datePublished":"2021-12-01T14:20:34+00:00","dateModified":"2023-04-30T09:40:08+00:00","breadcrumb":{"@id":"https:\/\/www.tvrzmladejovice.cz\/index.php\/historie\/pruzkum-pisemnych-pramenu-a-literatury\/ii-historicky-vyvoj-mladejovickeho-statku-a-prehled-jeho-drzitelu-do-roku-1500\/#breadcrumb"},"inLanguage":"cs","potentialAction":[{"@type":"ReadAction","target":["https:\/\/www.tvrzmladejovice.cz\/index.php\/historie\/pruzkum-pisemnych-pramenu-a-literatury\/ii-historicky-vyvoj-mladejovickeho-statku-a-prehled-jeho-drzitelu-do-roku-1500\/"]}]},{"@type":"BreadcrumbList","@id":"https:\/\/www.tvrzmladejovice.cz\/index.php\/historie\/pruzkum-pisemnych-pramenu-a-literatury\/ii-historicky-vyvoj-mladejovickeho-statku-a-prehled-jeho-drzitelu-do-roku-1500\/#breadcrumb","itemListElement":[{"@type":"ListItem","position":1,"name":"Dom\u016f","item":"https:\/\/www.tvrzmladejovice.cz\/"},{"@type":"ListItem","position":2,"name":"Historie","item":"https:\/\/www.tvrzmladejovice.cz\/index.php\/historie\/"},{"@type":"ListItem","position":3,"name":"Historick\u00fd v\u00fdvoj mlad\u011bjovick\u00e9ho statku podle p\u00edsemn\u00fdch pramen\u016f","item":"https:\/\/www.tvrzmladejovice.cz\/index.php\/historie\/pruzkum-pisemnych-pramenu-a-literatury\/"},{"@type":"ListItem","position":4,"name":"Historick\u00fd v\u00fdvoj mlad\u011bjovick\u00e9ho statku a p\u0159ehled jeho dr\u017eitel\u016f do roku 1400"}]},{"@type":"WebSite","@id":"https:\/\/www.tvrzmladejovice.cz\/#website","url":"https:\/\/www.tvrzmladejovice.cz\/","name":"Mlad\u011bjovice Mansion","description":"Historie a sou\u010dasnost pozdn\u011b gotick\u00e9ho s\u00eddla","publisher":{"@id":"https:\/\/www.tvrzmladejovice.cz\/#organization"},"potentialAction":[{"@type":"SearchAction","target":{"@type":"EntryPoint","urlTemplate":"https:\/\/www.tvrzmladejovice.cz\/?s={search_term_string}"},"query-input":{"@type":"PropertyValueSpecification","valueRequired":true,"valueName":"search_term_string"}}],"inLanguage":"cs"},{"@type":"Organization","@id":"https:\/\/www.tvrzmladejovice.cz\/#organization","name":"Mlad\u011bjovice Mansion","url":"https:\/\/www.tvrzmladejovice.cz\/","logo":{"@type":"ImageObject","inLanguage":"cs","@id":"https:\/\/www.tvrzmladejovice.cz\/#\/schema\/logo\/image\/","url":"https:\/\/www.tvrzmladejovice.cz\/wp-content\/uploads\/2023\/04\/znak_barva.png","contentUrl":"https:\/\/www.tvrzmladejovice.cz\/wp-content\/uploads\/2023\/04\/znak_barva.png","width":1257,"height":1635,"caption":"Mlad\u011bjovice Mansion"},"image":{"@id":"https:\/\/www.tvrzmladejovice.cz\/#\/schema\/logo\/image\/"}}]}},"_links":{"self":[{"href":"https:\/\/www.tvrzmladejovice.cz\/index.php\/wp-json\/wp\/v2\/pages\/580","targetHints":{"allow":["GET"]}}],"collection":[{"href":"https:\/\/www.tvrzmladejovice.cz\/index.php\/wp-json\/wp\/v2\/pages"}],"about":[{"href":"https:\/\/www.tvrzmladejovice.cz\/index.php\/wp-json\/wp\/v2\/types\/page"}],"author":[{"embeddable":true,"href":"https:\/\/www.tvrzmladejovice.cz\/index.php\/wp-json\/wp\/v2\/users\/2"}],"replies":[{"embeddable":true,"href":"https:\/\/www.tvrzmladejovice.cz\/index.php\/wp-json\/wp\/v2\/comments?post=580"}],"version-history":[{"count":1,"href":"https:\/\/www.tvrzmladejovice.cz\/index.php\/wp-json\/wp\/v2\/pages\/580\/revisions"}],"predecessor-version":[{"id":2374,"href":"https:\/\/www.tvrzmladejovice.cz\/index.php\/wp-json\/wp\/v2\/pages\/580\/revisions\/2374"}],"up":[{"embeddable":true,"href":"https:\/\/www.tvrzmladejovice.cz\/index.php\/wp-json\/wp\/v2\/pages\/591"}],"wp:attachment":[{"href":"https:\/\/www.tvrzmladejovice.cz\/index.php\/wp-json\/wp\/v2\/media?parent=580"}],"curies":[{"name":"wp","href":"https:\/\/api.w.org\/{rel}","templated":true}]}}