{"id":655,"date":"2021-12-03T12:17:07","date_gmt":"2021-12-03T12:17:07","guid":{"rendered":"https:\/\/www.tvrzmladejovice.cz\/?page_id=655"},"modified":"2023-04-27T14:28:33","modified_gmt":"2023-04-27T14:28:33","slug":"dendrochronologicke-datovani-drevenych-konstrukcnich-prvku","status":"publish","type":"page","link":"https:\/\/www.tvrzmladejovice.cz\/index.php\/historie\/dendrochronologicke-datovani-drevenych-konstrukcnich-prvku\/","title":{"rendered":"Dendrochronologick\u00e9 datov\u00e1n\u00ed d\u0159ev\u011bn\u00fdch konstruk\u010dn\u00edch prvk\u016f"},"content":{"rendered":"\n<p><em>Uk\u00e1zka ze zpr\u00e1vy DendroLab Brno, Ing. Tom\u00e1\u0161 Kyncl, Eli\u00e1\u0161ova 37, Brno 616 00, I\u010cO 75758041<\/em><\/p>\n\n\n\n<p>N\u00e1pln\u00ed v\u00fdzkumn\u00e9 zpr\u00e1vy je dendrochronologick\u00e9 datov\u00e1n\u00ed d\u0159ev\u011bn\u00fdch prvk\u016f.<br>Uk\u00e1\u017e\u00ed-li se jejich letokruhov\u00e9 \u0159ady spolehliv\u011b synchronizovateln\u00e9 s absolutn\u011b datovanou standardn\u00ed letokruhovou chronologi\u00ed, je v\u00fdsledkem absolutn\u00ed datov\u00e1n\u00ed jednotliv\u00fdch letokruh\u016f zkouman\u00fdch d\u0159ev\u011bn\u00fdch prvk\u016f. Pokud je zji\u0161t\u011bn<br>podkorn\u00ed letokruh, pak je jeho datace rokem sk\u00e1cen\u00ed stromu pou\u017eit\u00e9ho ke zhotoven\u00ed prvku. Rok sk\u00e1cen\u00ed stromu ov\u0161em nemus\u00ed b\u00fdt toto\u017en\u00fd s rokem v\u00fdstavby objektu, proto\u017ee je t\u0159eba p\u0159ipo\u010d\u00edtat dobu pot\u0159ebnou pro opracov\u00e1n\u00ed p\u0159\u00edpadn\u011b i su\u0161en\u00ed d\u0159eva.<\/p>\n\n\n\n<p>Porovn\u00e1n\u00ed sestaven\u00fdch pr\u016fm\u011brn\u00fdch chronologi\u00ed s p\u0159\u00edslu\u0161n\u00fdmi standardn\u00edmi \u0159adami pro \u010cechy vedlo k nalezen\u00ed spolehliv\u00fdch synchronn\u00edch pozic (tab. 1) datuj\u00edc\u00edch posledn\u00ed letokruhy obou \u0159ad do roku 1584.<br>Tak\u00e9 v\u011bt\u0161inu samostatn\u011b vyhodnocen\u00fdch k\u0159ivek se poda\u0159ilo datovat. Letokruhovou k\u0159ivku borov\u00e9ho tr\u00e1mu se datovat nepoda\u0159ilo.<\/p>\n\n\n\n<figure class=\"wp-block-image size-large\"><img fetchpriority=\"high\" decoding=\"async\" width=\"1024\" height=\"409\" src=\"https:\/\/www.tvrzmladejovice.cz\/wp-content\/uploads\/2021\/12\/Snimek-z-2021-12-03-13-17-56-1024x409.png\" alt=\"\" class=\"wp-image-659\" srcset=\"https:\/\/www.tvrzmladejovice.cz\/wp-content\/uploads\/2021\/12\/Snimek-z-2021-12-03-13-17-56-1024x409.png 1024w, https:\/\/www.tvrzmladejovice.cz\/wp-content\/uploads\/2021\/12\/Snimek-z-2021-12-03-13-17-56-300x120.png 300w, https:\/\/www.tvrzmladejovice.cz\/wp-content\/uploads\/2021\/12\/Snimek-z-2021-12-03-13-17-56-768x307.png 768w, https:\/\/www.tvrzmladejovice.cz\/wp-content\/uploads\/2021\/12\/Snimek-z-2021-12-03-13-17-56-420x168.png 420w, https:\/\/www.tvrzmladejovice.cz\/wp-content\/uploads\/2021\/12\/Snimek-z-2021-12-03-13-17-56-500x200.png 500w, https:\/\/www.tvrzmladejovice.cz\/wp-content\/uploads\/2021\/12\/Snimek-z-2021-12-03-13-17-56-800x319.png 800w, https:\/\/www.tvrzmladejovice.cz\/wp-content\/uploads\/2021\/12\/Snimek-z-2021-12-03-13-17-56-140x56.png 140w, https:\/\/www.tvrzmladejovice.cz\/wp-content\/uploads\/2021\/12\/Snimek-z-2021-12-03-13-17-56.png 1115w\" sizes=\"(max-width: 1024px) 100vw, 1024px\" \/><figcaption>P\u0159ehled parametr\u016f vzork\u016f odebran\u00fdch z konstruk\u010dn\u00edch prvk\u016f tvrze v Mlad\u011bjovic\u00edch. Doba k\u00e1cen\u00ed pou\u017eit\u00e9ho stromu je uvedena ve sloupci \u201edatum sk\u00e1cen\u00ed\u201c ve tvaru nap\u0159. 1806\/07 &#8211; strom k\u00e1cen na p\u0159elomu let 1806 &#8211; 1807; 1585 l \u2013 strom pok\u00e1cen v l\u00e9t\u011b roku 1585; 1820+ &#8211; strom k\u00e1cen n\u011bkdy po roce 1820 (prvek bez podkorn\u00edho letokruhu); 1578-86 \u2013 strom k\u00e1cen mezi roky 1578 \u2013 1586 (odhad na z\u00e1klad\u011b po\u010dtu b\u011blov\u00fdch letokruh\u016f). V siln\u011b or\u00e1movan\u00e9 \u010d\u00e1sti tabulky jsou uvedeny parametry sestaven\u00fdch pr\u016fm\u011brn\u00fdch chronologi\u00ed<\/figcaption><\/figure>\n\n\n\n<p><strong>Rok k\u00e1cen\u00ed strom\u016f \u2013 datov\u00e1n\u00ed podkorn\u00edch letokruh\u016f<\/strong><\/p>\n\n\n\n<p>Podkorn\u00ed letokruhy datuj\u00edc\u00ed rok k\u00e1cen\u00ed pou\u017eit\u00fdch strom\u016f se dochovaly na v\u011bt\u0161in\u011b z datovan\u00fdch prvk\u016f. \u010c\u00e1st podkorn\u00edch letokruh\u016f byla ji\u017e zcela vytvo\u0159ena (v\u010detn\u011b pozdn\u00edho d\u0159eva) co\u017e znamen\u00e1, \u017ee stromy byly k\u00e1ceny v dob\u011b vegeta\u010dn\u00edho klidu (cca \u0159\u00edjen \u2013 duben). U dvou tr\u00e1m\u016f krovu byly podkorn\u00ed letokruhy ne\u00fapln\u00e9 \u2013 tyto stromy byly k\u00e1ceny v pr\u016fb\u011bhu vegeta\u010dn\u00ed sez\u00f3ny.<br>V p\u0159\u00edpad\u011b prvk\u016f bez dochovan\u00fdch podkorn\u00edch letokruh\u016f bylo mo\u017en\u00e9 ur\u010dit pouze nejmlad\u0161\u00ed rok, po kter\u00e9m byly pou\u017eit\u00e9 stromy pok\u00e1ceny (datace jsou v tabulce 2 ozna\u010deny symbolem +). Pouze v p\u0159\u00edpad\u011b dubov\u00fdch tr\u00e1m\u016f se zachovan\u00fdmi letokruhy b\u011ble bylo mo\u017en\u00e9 dobu k\u00e1cen\u00e9 alespo\u0148 odhadnout na z\u00e1klad\u011b p\u0159edpokl\u00e1dan\u00e9ho po\u010dtu b\u011blov\u00fdch letokruh\u016f.<\/p>\n\n\n\n<figure class=\"wp-block-image size-full is-resized\"><img decoding=\"async\" src=\"https:\/\/www.tvrzmladejovice.cz\/wp-content\/uploads\/2021\/12\/Snimek-z-2021-12-03-13-15-55.png\" alt=\"\" class=\"wp-image-656\" width=\"840\" height=\"314\" srcset=\"https:\/\/www.tvrzmladejovice.cz\/wp-content\/uploads\/2021\/12\/Snimek-z-2021-12-03-13-15-55.png 915w, https:\/\/www.tvrzmladejovice.cz\/wp-content\/uploads\/2021\/12\/Snimek-z-2021-12-03-13-15-55-300x112.png 300w, https:\/\/www.tvrzmladejovice.cz\/wp-content\/uploads\/2021\/12\/Snimek-z-2021-12-03-13-15-55-768x288.png 768w, https:\/\/www.tvrzmladejovice.cz\/wp-content\/uploads\/2021\/12\/Snimek-z-2021-12-03-13-15-55-420x157.png 420w, https:\/\/www.tvrzmladejovice.cz\/wp-content\/uploads\/2021\/12\/Snimek-z-2021-12-03-13-15-55-500x187.png 500w, https:\/\/www.tvrzmladejovice.cz\/wp-content\/uploads\/2021\/12\/Snimek-z-2021-12-03-13-15-55-800x300.png 800w, https:\/\/www.tvrzmladejovice.cz\/wp-content\/uploads\/2021\/12\/Snimek-z-2021-12-03-13-15-55-140x52.png 140w\" sizes=\"(max-width: 840px) 100vw, 840px\" \/><figcaption>Uk\u00e1zka chronologick\u00e9 k\u0159ivky: Porovn\u00e1n\u00ed letokruhov\u00e9 k\u0159ivky smrkov\u00e9ho tr\u00e1mu U1655 se standardn\u00ed chronologi\u00ed smrku pro \u010cechy<\/figcaption><\/figure>\n\n\n\n<p><strong>Z\u00e1v\u011bry<\/strong><\/p>\n\n\n\n<p>Tr\u00e1my krovu domu \u010dp. 80 byly zhotoveny ze smrk\u016f a borovic pok\u00e1cen\u00fdch v letech 1585 \u2013 1586, 1837 \u2013 1838 a n\u011bkdy po roce 1693.<br>Krakorec a pozednice pod krakorci ve v\u00fdchodn\u00ed st\u011bn\u011b byly zhotoveny z dub\u016f pok\u00e1cen\u00fdch v letech 1584 \u2013 1585.<br>Podp\u016frn\u00fd tr\u00e1m fabionu stropu byl zhotoven ze smrku pok\u00e1cen\u00e9ho<br>n\u011bkdy po roce 1766.<br>Kle\u0161tina v podlaze patra domu \u010dp. 1 byla zhotovena z dubu mezi roky 1666 \u2013 1683.<\/p>\n\n\n\n<div class=\"wp-block-file\"><a href=\"https:\/\/www.tvrzmladejovice.cz\/wp-content\/uploads\/2021\/12\/2013_044-Mladejovice-tvrz.pdf\">Kompletn\u00ed zpr\u00e1va ke sta\u017een\u00ed (PDF)<\/a><a href=\"https:\/\/www.tvrzmladejovice.cz\/wp-content\/uploads\/2021\/12\/2013_044-Mladejovice-tvrz.pdf\" class=\"wp-block-file__button\" download>St\u00e1hnout<\/a><\/div>\n","protected":false},"excerpt":{"rendered":"<p>Uk\u00e1zka ze zpr\u00e1vy DendroLab Brno, Ing. Tom\u00e1\u0161 Kyncl, Eli\u00e1\u0161ova 37, Brno 616 00, I\u010cO 75758041 N\u00e1pln\u00ed v\u00fdzkumn\u00e9 zpr\u00e1vy je dendrochronologick\u00e9 datov\u00e1n\u00ed d\u0159ev\u011bn\u00fdch prvk\u016f.Uk\u00e1\u017e\u00ed-li se jejich letokruhov\u00e9 \u0159ady spolehliv\u011b synchronizovateln\u00e9 s absolutn\u011b datovanou standardn\u00ed letokruhovou chronologi\u00ed, je v\u00fdsledkem absolutn\u00ed datov\u00e1n\u00ed jednotliv\u00fdch letokruh\u016f zkouman\u00fdch d\u0159ev\u011bn\u00fdch prvk\u016f. Pokud je zji\u0161t\u011bnpodkorn\u00ed letokruh, pak je jeho datace rokem sk\u00e1cen\u00ed stromu [&hellip;]<\/p>\n","protected":false},"author":2,"featured_media":0,"parent":13,"menu_order":0,"comment_status":"closed","ping_status":"closed","template":"","meta":{"iawp_total_views":91,"footnotes":""},"class_list":["post-655","page","type-page","status-publish","hentry"],"yoast_head":"<!-- This site is optimized with the Yoast SEO plugin v27.5 - https:\/\/yoast.com\/product\/yoast-seo-wordpress\/ -->\n<title>Dendrochronologick\u00e9 datov\u00e1n\u00ed d\u0159ev\u011bn\u00fdch konstruk\u010dn\u00edch prvk\u016f - Mlad\u011bjovice Mansion<\/title>\n<meta name=\"robots\" content=\"index, follow, max-snippet:-1, max-image-preview:large, max-video-preview:-1\" \/>\n<link rel=\"canonical\" href=\"https:\/\/www.tvrzmladejovice.cz\/index.php\/historie\/dendrochronologicke-datovani-drevenych-konstrukcnich-prvku\/\" \/>\n<meta property=\"og:locale\" content=\"cs_CZ\" \/>\n<meta property=\"og:type\" content=\"article\" \/>\n<meta property=\"og:title\" content=\"Dendrochronologick\u00e9 datov\u00e1n\u00ed d\u0159ev\u011bn\u00fdch konstruk\u010dn\u00edch prvk\u016f - Mlad\u011bjovice Mansion\" \/>\n<meta property=\"og:description\" content=\"Uk\u00e1zka ze zpr\u00e1vy DendroLab Brno, Ing. Tom\u00e1\u0161 Kyncl, Eli\u00e1\u0161ova 37, Brno 616 00, I\u010cO 75758041 N\u00e1pln\u00ed v\u00fdzkumn\u00e9 zpr\u00e1vy je dendrochronologick\u00e9 datov\u00e1n\u00ed d\u0159ev\u011bn\u00fdch prvk\u016f.Uk\u00e1\u017e\u00ed-li se jejich letokruhov\u00e9 \u0159ady spolehliv\u011b synchronizovateln\u00e9 s absolutn\u011b datovanou standardn\u00ed letokruhovou chronologi\u00ed, je v\u00fdsledkem absolutn\u00ed datov\u00e1n\u00ed jednotliv\u00fdch letokruh\u016f zkouman\u00fdch d\u0159ev\u011bn\u00fdch prvk\u016f. Pokud je zji\u0161t\u011bnpodkorn\u00ed letokruh, pak je jeho datace rokem sk\u00e1cen\u00ed stromu [&hellip;]\" \/>\n<meta property=\"og:url\" content=\"https:\/\/www.tvrzmladejovice.cz\/index.php\/historie\/dendrochronologicke-datovani-drevenych-konstrukcnich-prvku\/\" \/>\n<meta property=\"og:site_name\" content=\"Mlad\u011bjovice Mansion\" \/>\n<meta property=\"article:modified_time\" content=\"2023-04-27T14:28:33+00:00\" \/>\n<meta property=\"og:image\" content=\"https:\/\/www.tvrzmladejovice.cz\/wp-content\/uploads\/2021\/12\/Snimek-z-2021-12-03-13-17-56-1024x409.png\" \/>\n<meta name=\"twitter:card\" content=\"summary_large_image\" \/>\n<meta name=\"twitter:label1\" content=\"Odhadovan\u00e1 doba \u010dten\u00ed\" \/>\n\t<meta name=\"twitter:data1\" content=\"3 minuty\" \/>\n<script type=\"application\/ld+json\" class=\"yoast-schema-graph\">{\"@context\":\"https:\\\/\\\/schema.org\",\"@graph\":[{\"@type\":\"WebPage\",\"@id\":\"https:\\\/\\\/www.tvrzmladejovice.cz\\\/index.php\\\/historie\\\/dendrochronologicke-datovani-drevenych-konstrukcnich-prvku\\\/\",\"url\":\"https:\\\/\\\/www.tvrzmladejovice.cz\\\/index.php\\\/historie\\\/dendrochronologicke-datovani-drevenych-konstrukcnich-prvku\\\/\",\"name\":\"Dendrochronologick\u00e9 datov\u00e1n\u00ed d\u0159ev\u011bn\u00fdch konstruk\u010dn\u00edch prvk\u016f - Mlad\u011bjovice Mansion\",\"isPartOf\":{\"@id\":\"https:\\\/\\\/www.tvrzmladejovice.cz\\\/#website\"},\"primaryImageOfPage\":{\"@id\":\"https:\\\/\\\/www.tvrzmladejovice.cz\\\/index.php\\\/historie\\\/dendrochronologicke-datovani-drevenych-konstrukcnich-prvku\\\/#primaryimage\"},\"image\":{\"@id\":\"https:\\\/\\\/www.tvrzmladejovice.cz\\\/index.php\\\/historie\\\/dendrochronologicke-datovani-drevenych-konstrukcnich-prvku\\\/#primaryimage\"},\"thumbnailUrl\":\"https:\\\/\\\/www.tvrzmladejovice.cz\\\/wp-content\\\/uploads\\\/2021\\\/12\\\/Snimek-z-2021-12-03-13-17-56-1024x409.png\",\"datePublished\":\"2021-12-03T12:17:07+00:00\",\"dateModified\":\"2023-04-27T14:28:33+00:00\",\"breadcrumb\":{\"@id\":\"https:\\\/\\\/www.tvrzmladejovice.cz\\\/index.php\\\/historie\\\/dendrochronologicke-datovani-drevenych-konstrukcnich-prvku\\\/#breadcrumb\"},\"inLanguage\":\"cs\",\"potentialAction\":[{\"@type\":\"ReadAction\",\"target\":[\"https:\\\/\\\/www.tvrzmladejovice.cz\\\/index.php\\\/historie\\\/dendrochronologicke-datovani-drevenych-konstrukcnich-prvku\\\/\"]}]},{\"@type\":\"ImageObject\",\"inLanguage\":\"cs\",\"@id\":\"https:\\\/\\\/www.tvrzmladejovice.cz\\\/index.php\\\/historie\\\/dendrochronologicke-datovani-drevenych-konstrukcnich-prvku\\\/#primaryimage\",\"url\":\"https:\\\/\\\/www.tvrzmladejovice.cz\\\/wp-content\\\/uploads\\\/2021\\\/12\\\/Snimek-z-2021-12-03-13-17-56.png\",\"contentUrl\":\"https:\\\/\\\/www.tvrzmladejovice.cz\\\/wp-content\\\/uploads\\\/2021\\\/12\\\/Snimek-z-2021-12-03-13-17-56.png\",\"width\":1115,\"height\":445},{\"@type\":\"BreadcrumbList\",\"@id\":\"https:\\\/\\\/www.tvrzmladejovice.cz\\\/index.php\\\/historie\\\/dendrochronologicke-datovani-drevenych-konstrukcnich-prvku\\\/#breadcrumb\",\"itemListElement\":[{\"@type\":\"ListItem\",\"position\":1,\"name\":\"Dom\u016f\",\"item\":\"https:\\\/\\\/www.tvrzmladejovice.cz\\\/\"},{\"@type\":\"ListItem\",\"position\":2,\"name\":\"Historie\",\"item\":\"https:\\\/\\\/www.tvrzmladejovice.cz\\\/index.php\\\/historie\\\/\"},{\"@type\":\"ListItem\",\"position\":3,\"name\":\"Dendrochronologick\u00e9 datov\u00e1n\u00ed d\u0159ev\u011bn\u00fdch konstruk\u010dn\u00edch prvk\u016f\"}]},{\"@type\":\"WebSite\",\"@id\":\"https:\\\/\\\/www.tvrzmladejovice.cz\\\/#website\",\"url\":\"https:\\\/\\\/www.tvrzmladejovice.cz\\\/\",\"name\":\"Mlad\u011bjovice Mansion\",\"description\":\"Historie a sou\u010dasnost pozdn\u011b gotick\u00e9ho s\u00eddla\",\"publisher\":{\"@id\":\"https:\\\/\\\/www.tvrzmladejovice.cz\\\/#organization\"},\"potentialAction\":[{\"@type\":\"SearchAction\",\"target\":{\"@type\":\"EntryPoint\",\"urlTemplate\":\"https:\\\/\\\/www.tvrzmladejovice.cz\\\/?s={search_term_string}\"},\"query-input\":{\"@type\":\"PropertyValueSpecification\",\"valueRequired\":true,\"valueName\":\"search_term_string\"}}],\"inLanguage\":\"cs\"},{\"@type\":\"Organization\",\"@id\":\"https:\\\/\\\/www.tvrzmladejovice.cz\\\/#organization\",\"name\":\"Mlad\u011bjovice Mansion\",\"url\":\"https:\\\/\\\/www.tvrzmladejovice.cz\\\/\",\"logo\":{\"@type\":\"ImageObject\",\"inLanguage\":\"cs\",\"@id\":\"https:\\\/\\\/www.tvrzmladejovice.cz\\\/#\\\/schema\\\/logo\\\/image\\\/\",\"url\":\"https:\\\/\\\/www.tvrzmladejovice.cz\\\/wp-content\\\/uploads\\\/2023\\\/04\\\/znak_barva.png\",\"contentUrl\":\"https:\\\/\\\/www.tvrzmladejovice.cz\\\/wp-content\\\/uploads\\\/2023\\\/04\\\/znak_barva.png\",\"width\":1257,\"height\":1635,\"caption\":\"Mlad\u011bjovice Mansion\"},\"image\":{\"@id\":\"https:\\\/\\\/www.tvrzmladejovice.cz\\\/#\\\/schema\\\/logo\\\/image\\\/\"}}]}<\/script>\n<!-- \/ Yoast SEO plugin. -->","yoast_head_json":{"title":"Dendrochronologick\u00e9 datov\u00e1n\u00ed d\u0159ev\u011bn\u00fdch konstruk\u010dn\u00edch prvk\u016f - Mlad\u011bjovice Mansion","robots":{"index":"index","follow":"follow","max-snippet":"max-snippet:-1","max-image-preview":"max-image-preview:large","max-video-preview":"max-video-preview:-1"},"canonical":"https:\/\/www.tvrzmladejovice.cz\/index.php\/historie\/dendrochronologicke-datovani-drevenych-konstrukcnich-prvku\/","og_locale":"cs_CZ","og_type":"article","og_title":"Dendrochronologick\u00e9 datov\u00e1n\u00ed d\u0159ev\u011bn\u00fdch konstruk\u010dn\u00edch prvk\u016f - Mlad\u011bjovice Mansion","og_description":"Uk\u00e1zka ze zpr\u00e1vy DendroLab Brno, Ing. Tom\u00e1\u0161 Kyncl, Eli\u00e1\u0161ova 37, Brno 616 00, I\u010cO 75758041 N\u00e1pln\u00ed v\u00fdzkumn\u00e9 zpr\u00e1vy je dendrochronologick\u00e9 datov\u00e1n\u00ed d\u0159ev\u011bn\u00fdch prvk\u016f.Uk\u00e1\u017e\u00ed-li se jejich letokruhov\u00e9 \u0159ady spolehliv\u011b synchronizovateln\u00e9 s absolutn\u011b datovanou standardn\u00ed letokruhovou chronologi\u00ed, je v\u00fdsledkem absolutn\u00ed datov\u00e1n\u00ed jednotliv\u00fdch letokruh\u016f zkouman\u00fdch d\u0159ev\u011bn\u00fdch prvk\u016f. Pokud je zji\u0161t\u011bnpodkorn\u00ed letokruh, pak je jeho datace rokem sk\u00e1cen\u00ed stromu [&hellip;]","og_url":"https:\/\/www.tvrzmladejovice.cz\/index.php\/historie\/dendrochronologicke-datovani-drevenych-konstrukcnich-prvku\/","og_site_name":"Mlad\u011bjovice Mansion","article_modified_time":"2023-04-27T14:28:33+00:00","og_image":[{"url":"https:\/\/www.tvrzmladejovice.cz\/wp-content\/uploads\/2021\/12\/Snimek-z-2021-12-03-13-17-56-1024x409.png","type":"","width":"","height":""}],"twitter_card":"summary_large_image","twitter_misc":{"Odhadovan\u00e1 doba \u010dten\u00ed":"3 minuty"},"schema":{"@context":"https:\/\/schema.org","@graph":[{"@type":"WebPage","@id":"https:\/\/www.tvrzmladejovice.cz\/index.php\/historie\/dendrochronologicke-datovani-drevenych-konstrukcnich-prvku\/","url":"https:\/\/www.tvrzmladejovice.cz\/index.php\/historie\/dendrochronologicke-datovani-drevenych-konstrukcnich-prvku\/","name":"Dendrochronologick\u00e9 datov\u00e1n\u00ed d\u0159ev\u011bn\u00fdch konstruk\u010dn\u00edch prvk\u016f - Mlad\u011bjovice Mansion","isPartOf":{"@id":"https:\/\/www.tvrzmladejovice.cz\/#website"},"primaryImageOfPage":{"@id":"https:\/\/www.tvrzmladejovice.cz\/index.php\/historie\/dendrochronologicke-datovani-drevenych-konstrukcnich-prvku\/#primaryimage"},"image":{"@id":"https:\/\/www.tvrzmladejovice.cz\/index.php\/historie\/dendrochronologicke-datovani-drevenych-konstrukcnich-prvku\/#primaryimage"},"thumbnailUrl":"https:\/\/www.tvrzmladejovice.cz\/wp-content\/uploads\/2021\/12\/Snimek-z-2021-12-03-13-17-56-1024x409.png","datePublished":"2021-12-03T12:17:07+00:00","dateModified":"2023-04-27T14:28:33+00:00","breadcrumb":{"@id":"https:\/\/www.tvrzmladejovice.cz\/index.php\/historie\/dendrochronologicke-datovani-drevenych-konstrukcnich-prvku\/#breadcrumb"},"inLanguage":"cs","potentialAction":[{"@type":"ReadAction","target":["https:\/\/www.tvrzmladejovice.cz\/index.php\/historie\/dendrochronologicke-datovani-drevenych-konstrukcnich-prvku\/"]}]},{"@type":"ImageObject","inLanguage":"cs","@id":"https:\/\/www.tvrzmladejovice.cz\/index.php\/historie\/dendrochronologicke-datovani-drevenych-konstrukcnich-prvku\/#primaryimage","url":"https:\/\/www.tvrzmladejovice.cz\/wp-content\/uploads\/2021\/12\/Snimek-z-2021-12-03-13-17-56.png","contentUrl":"https:\/\/www.tvrzmladejovice.cz\/wp-content\/uploads\/2021\/12\/Snimek-z-2021-12-03-13-17-56.png","width":1115,"height":445},{"@type":"BreadcrumbList","@id":"https:\/\/www.tvrzmladejovice.cz\/index.php\/historie\/dendrochronologicke-datovani-drevenych-konstrukcnich-prvku\/#breadcrumb","itemListElement":[{"@type":"ListItem","position":1,"name":"Dom\u016f","item":"https:\/\/www.tvrzmladejovice.cz\/"},{"@type":"ListItem","position":2,"name":"Historie","item":"https:\/\/www.tvrzmladejovice.cz\/index.php\/historie\/"},{"@type":"ListItem","position":3,"name":"Dendrochronologick\u00e9 datov\u00e1n\u00ed d\u0159ev\u011bn\u00fdch konstruk\u010dn\u00edch prvk\u016f"}]},{"@type":"WebSite","@id":"https:\/\/www.tvrzmladejovice.cz\/#website","url":"https:\/\/www.tvrzmladejovice.cz\/","name":"Mlad\u011bjovice Mansion","description":"Historie a sou\u010dasnost pozdn\u011b gotick\u00e9ho s\u00eddla","publisher":{"@id":"https:\/\/www.tvrzmladejovice.cz\/#organization"},"potentialAction":[{"@type":"SearchAction","target":{"@type":"EntryPoint","urlTemplate":"https:\/\/www.tvrzmladejovice.cz\/?s={search_term_string}"},"query-input":{"@type":"PropertyValueSpecification","valueRequired":true,"valueName":"search_term_string"}}],"inLanguage":"cs"},{"@type":"Organization","@id":"https:\/\/www.tvrzmladejovice.cz\/#organization","name":"Mlad\u011bjovice Mansion","url":"https:\/\/www.tvrzmladejovice.cz\/","logo":{"@type":"ImageObject","inLanguage":"cs","@id":"https:\/\/www.tvrzmladejovice.cz\/#\/schema\/logo\/image\/","url":"https:\/\/www.tvrzmladejovice.cz\/wp-content\/uploads\/2023\/04\/znak_barva.png","contentUrl":"https:\/\/www.tvrzmladejovice.cz\/wp-content\/uploads\/2023\/04\/znak_barva.png","width":1257,"height":1635,"caption":"Mlad\u011bjovice Mansion"},"image":{"@id":"https:\/\/www.tvrzmladejovice.cz\/#\/schema\/logo\/image\/"}}]}},"_links":{"self":[{"href":"https:\/\/www.tvrzmladejovice.cz\/index.php\/wp-json\/wp\/v2\/pages\/655","targetHints":{"allow":["GET"]}}],"collection":[{"href":"https:\/\/www.tvrzmladejovice.cz\/index.php\/wp-json\/wp\/v2\/pages"}],"about":[{"href":"https:\/\/www.tvrzmladejovice.cz\/index.php\/wp-json\/wp\/v2\/types\/page"}],"author":[{"embeddable":true,"href":"https:\/\/www.tvrzmladejovice.cz\/index.php\/wp-json\/wp\/v2\/users\/2"}],"replies":[{"embeddable":true,"href":"https:\/\/www.tvrzmladejovice.cz\/index.php\/wp-json\/wp\/v2\/comments?post=655"}],"version-history":[{"count":1,"href":"https:\/\/www.tvrzmladejovice.cz\/index.php\/wp-json\/wp\/v2\/pages\/655\/revisions"}],"predecessor-version":[{"id":2325,"href":"https:\/\/www.tvrzmladejovice.cz\/index.php\/wp-json\/wp\/v2\/pages\/655\/revisions\/2325"}],"up":[{"embeddable":true,"href":"https:\/\/www.tvrzmladejovice.cz\/index.php\/wp-json\/wp\/v2\/pages\/13"}],"wp:attachment":[{"href":"https:\/\/www.tvrzmladejovice.cz\/index.php\/wp-json\/wp\/v2\/media?parent=655"}],"curies":[{"name":"wp","href":"https:\/\/api.w.org\/{rel}","templated":true}]}}